{"id":14068,"date":"2020-09-03T16:26:27","date_gmt":"2020-09-03T14:26:27","guid":{"rendered":"https:\/\/waldis-ag.ch\/printing\/?page_id=14068"},"modified":"2024-07-31T13:27:51","modified_gmt":"2024-07-31T11:27:51","slug":"ihre-komplett-loesung-fuer-den-modernen-arbeitsplatz","status":"publish","type":"page","link":"https:\/\/waldis-ag.ch\/printing\/ihre-komplett-loesung-fuer-den-modernen-arbeitsplatz\/","title":{"rendered":"Ihre Komplett-L\u00f6sung f\u00fcr den modernen Arbeitsplatz"},"content":{"rendered":"<p>[vc_row][vc_column][vc_column_text]<\/p>\n<p style=\"text-align: center;\">Waldis Printing Solutions entwickelt gemeinsam mit Ihnen eine individuelle Hard- und Software-L\u00f6sung f\u00fcr Ihr Arbeitsumfeld. Mit den fortschrittlichen Produkten unseres Hardwarepartners Canon und langj\u00e4hrigen Erfahrungen im Bereich Workflow und Software bieten wir Ihnen ein effizientes Dienstleistungsangebot. Von professionellen Druck- und Scanl\u00f6sungen bis hin zur Digitalisierung Ihrer Gesch\u00e4ftsprozesse &#8211; gerne pr\u00e4sentieren wir Ihnen unser umfangreiches Angebot pers\u00f6nlich.<\/p>\n<p>[\/vc_column_text][vc_empty_space height=&#8221;150px&#8221;][\/vc_column][\/vc_row][vc_row content_width=&#8221;grid&#8221; content_aligment=&#8221;right&#8221; css=&#8221;.vc_custom_1599056199246{margin-bottom: 100px !important;}&#8221;][vc_column width=&#8221;1\/2&#8243;][vc_column_text]<\/p>\n<h3 style=\"text-align: right;\">PROFESSIONELLE DRUCK- &amp; SCANL\u00d6SUNGEN<\/h3>\n<p>&nbsp;<\/p>\n<p style=\"text-align: right;\">Canon z\u00e4hlt zu den f\u00fchrenden Anbietern von Technologien im Home- und Office-Bereich. Die Optimierung von Arbeitsabl\u00e4ufen, die Systemintegration und das Dokumenten- und Output-Management stehen bei den Druck- und Scanl\u00f6sungen von Canon an erster Stelle. Mit der optimalen Hardware beschleunigen Sie Ihre B\u00fcroprozesse effizient, effektiv und kostensparend. Gerne beraten wir Sie und finden gemeinsam mit Ihnen die passende L\u00f6sung.<\/p>\n<p>[\/vc_column_text][vc_empty_space height=&#8221;42px&#8221;]<a itemprop=\"url\" href=\"https:\/\/waldis-ag.ch\/printing\/produkte\/marken\/canon\/\" target=\"_self\"  class=\"edgtf-btn edgtf-btn-medium edgtf-btn-outline\"  >\n\t<span class=\"edgtf-btn-text\">WEITERLESEN<\/span>\n    <\/a>[\/vc_column][vc_column width=&#8221;1\/2&#8243;][vc_single_image image=&#8221;14038&#8243; img_size=&#8221;600&#215;600&#8243; onclick=&#8221;custom_link&#8221; link=&#8221;https:\/\/waldis-ag.ch\/planning\/&#8221;][vc_empty_space height=&#8221;30px&#8221;][\/vc_column][\/vc_row][vc_row][vc_column][vc_empty_space height=&#8221;50px&#8221;][\/vc_column][\/vc_row][vc_row][vc_column width=&#8221;1\/2&#8243;][vc_single_image image=&#8221;14168&#8243; img_size=&#8221;600X600&#8243; alignment=&#8221;right&#8221; onclick=&#8221;custom_link&#8221; link=&#8221;https:\/\/waldis-ag.ch\/working\/service\/bueroplanung\/&#8221;][vc_empty_space height=&#8221;30px&#8221;][\/vc_column][vc_column width=&#8221;1\/2&#8243;][vc_column_text]<\/p>\n<h3>WIR K\u00dcMMERN UNS UM IHREN GER\u00c4TEPARK<\/h3>\n<p>&nbsp;<\/p>\n<p style=\"text-align: left;\">Egal, ob Sie die Infrastruktur bei uns mieten, oder kaufen: Wir k\u00fcmmern uns um die Evaluation, den Toner Nachschub und die Wartung Ihrer Ger\u00e4te. Die Managed Print Services (MPS) unterst\u00fctzen Sie dabei, die Druck- und Wartungskosten zu reduzieren und die Druckumgebung zentral zu steuern. Nach einer Analyse Ihrer Infrastruktur und Ihrer Prozesse entwickeln wir f\u00fcr Sie eine individuelle Optimierungsstrategie und stellen Ihnen ein massgeschneidertes Hard-, Software- und Servicepaket zusammen. Keinen \u00c4rger mehr mit Druck, Kopieren und Scannen.<\/p>\n<p>[\/vc_column_text][vc_empty_space height=&#8221;40px&#8221;]<a itemprop=\"url\" href=\"https:\/\/waldis-ag.ch\/printing\/managed-print-services\/\" target=\"_self\"  class=\"edgtf-btn edgtf-btn-medium edgtf-btn-outline\"  >\n\t<span class=\"edgtf-btn-text\">WEITERLESEN<\/span>\n    <\/a>[\/vc_column][\/vc_row][vc_row][vc_column][vc_empty_space height=&#8221;80px&#8221;][\/vc_column][\/vc_row][vc_section full_width=&#8221;stretch_row&#8221; content_placement=&#8221;middle&#8221; css=&#8221;.vc_custom_1599568615115{background-color: #f1f1f2 !important;}&#8221;][vc_row content_aligment=&#8221;center&#8221;][vc_column][vc_empty_space height=&#8221;30px&#8221;][vc_column_text]<\/p>\n<h3 style=\"text-align: center;\">Wo liegt Ihr Spar- und Optimierungspotential?<br \/>\nFinden Sie es heraus, mit unserer kostenlosen Analyse!<\/h3>\n<p>[\/vc_column_text][vc_empty_space height=&#8221;30px&#8221;][vc_column_text]<\/p>\n<p style=\"text-align: center;\">T 041 349 29 49<br \/>\n<a href=\"mailto:info@waldis-ag.ch\">info@waldis-ag.ch<\/a><\/p>\n<p>[\/vc_column_text][vc_empty_space height=&#8221;30px&#8221;]<a itemprop=\"url\" href=\"https:\/\/waldis-ag.ch\/printing\/kontakt\/\" target=\"_self\"  class=\"edgtf-btn edgtf-btn-medium edgtf-btn-outline\"  >\n\t<span class=\"edgtf-btn-text\">JETZT TERMIN BUCHEN<\/span>\n    <\/a>[vc_empty_space height=&#8221;60px&#8221;][\/vc_column][\/vc_row][\/vc_section][vc_row][vc_column][vc_empty_space height=&#8221;80px&#8221;][\/vc_column][\/vc_row][vc_row content_width=&#8221;grid&#8221; content_aligment=&#8221;right&#8221; css=&#8221;.vc_custom_1599568983928{margin-bottom: 100px !important;}&#8221;][vc_column width=&#8221;1\/2&#8243;][vc_column_text]<\/p>\n<h3 style=\"text-align: right;\">DIGITALISIEREN SIE IHRE GESCH\u00c4FTSPROZESSE<\/h3>\n<p>&nbsp;<\/p>\n<p style=\"text-align: right;\">Document Management Workflow bezeichnet die automatisierte Einbindung von Dokumenten in Ihren Arbeitsalltag. Anhand der Bed\u00fcrfnisse Ihres Unternehmens digitalisieren wir Ihre Gesch\u00e4ftsprozesse. Unsere Software kn\u00fcpft an bestehende Applikationen an und bietet Ihnen effiziente M\u00f6glichkeiten f\u00fcr die Datenerfassung. Der grosse Vorteil liegt darin, dass die zu erfassenden Informationen (ob Papier- oder elektronische Dokumente) ihren Bestimmungsort mit so wenig manueller Interaktion wie m\u00f6glich erreichen und so nicht nur Zeit, sondern auch Kosten eingespart werden k\u00f6nnen. Mit Waldis Workflow k\u00f6nnen Ihre Dokumente schnell und einfach abgelegt und verwaltet werden.<\/p>\n<p>[\/vc_column_text][vc_empty_space height=&#8221;40px&#8221;]<a itemprop=\"url\" href=\"https:\/\/waldis-ag.ch\/printing\/workflow\/\" target=\"_self\"  class=\"edgtf-btn edgtf-btn-medium edgtf-btn-outline\"  >\n\t<span class=\"edgtf-btn-text\">WEITERLESEN<\/span>\n    <\/a>[\/vc_column][vc_column width=&#8221;1\/2&#8243;][vc_single_image image=&#8221;14163&#8243; img_size=&#8221;600X600&#8243;][vc_empty_space height=&#8221;30px&#8221;][\/vc_column][\/vc_row][vc_row][vc_column][vc_empty_space height=&#8221;50px&#8221;][\/vc_column][\/vc_row][vc_row content_width=&#8221;grid&#8221; css=&#8221;.vc_custom_1599569022581{margin-bottom: 100px !important;}&#8221;][vc_column width=&#8221;1\/2&#8243;][vc_single_image image=&#8221;14166&#8243; img_size=&#8221;600X600&#8243; onclick=&#8221;custom_link&#8221; link=&#8221;https:\/\/waldis-ag.ch\/planning\/&#8221;][vc_empty_space height=&#8221;30px&#8221;][\/vc_column][vc_column width=&#8221;1\/2&#8243;][vc_column_text]<\/p>\n<h3 style=\"text-align: left;\">ALLE DOKUMENTE AN ZENTRALER STELLE ABGELEGEN<\/h3>\n<p>&nbsp;<\/p>\n<p style=\"text-align: left;\">Ein Document Management System (DMS) erleichtert die zentrale Ablage und Archivierung von digitalen- und gescannten Dokumenten und minimiert so die Papierflut auf ein Minimum. Die Post zentral am Scanner verarbeiten? Kein Problem! S\u00e4mtliche Dokumente aus dem Microsoft Office, dem ERP- oder der Buchhaltungssoftware werden zentral abgelegt und verwaltet. Physische Dokumente werden \u00fcber den Scanner dem Archiv hinzugef\u00fcgt. Die Volltexterkennung (OCR) \u00fcbernimmt die restliche Arbeit der Kategorisierung. Dank unz\u00e4hligen Anwendungsm\u00f6glichkeiten entwickeln wir Ihre individuelle L\u00f6sung und holen das Beste aus Ihren Arbeitsabl\u00e4ufen heraus.<\/p>\n<p>[\/vc_column_text][vc_empty_space height=&#8221;40px&#8221;]<a itemprop=\"url\" href=\"https:\/\/waldis-ag.ch\/printing\/document-management-system-dms\/\" target=\"_self\"  class=\"edgtf-btn edgtf-btn-medium edgtf-btn-outline\"  >\n\t<span class=\"edgtf-btn-text\">WEITERLESEN<\/span>\n    <\/a>[\/vc_column][\/vc_row][vc_section full_width=&#8221;stretch_row&#8221; css=&#8221;.vc_custom_1599546118943{padding-top: 100px !important;padding-bottom: 100px !important;}&#8221;][vc_row content_width=&#8221;grid&#8221; content_aligment=&#8221;center&#8221;][vc_column][vc_column_text css=&#8221;.vc_custom_1599140747392{margin-bottom: 30px !important;}&#8221;]<\/p>\n<h2 class=\"title-heading-center\" style=\"text-align: center;\">UNSERE KUNDEN<\/h2>\n<p>[\/vc_column_text]<div class=\"edgtf-image-gallery-carousel-wrapper\">\n\t<div class=\"edgtf-image-gallery-carousel \" data-autoplay=\"3\" data-animation=\"slide\" data-navigation=\"yes\" data-pagination=\"yes\">\n\t\t\t\t<div>\n\t\t\t\n\t\t\t<div class=\"edgtf-ig-image-holder\">\n\t\t\t\t\t\t\t\t\t<img width=\"150\" height=\"150\" src=\"https:\/\/waldis-ag.ch\/printing\/wp-content\/uploads\/sites\/7\/2018\/04\/gemeinde-sins-referenzen-150x150.jpg\" class=\"attachment-thumbnail size-thumbnail\" alt=\"Gemeinde Sins\" loading=\"lazy\" \/>\t\t\t\t\t\t\t<\/div>\n\n\t\t\t\t\t<\/div>\n\t\t\t\t<div>\n\t\t\t\n\t\t\t<div class=\"edgtf-ig-image-holder\">\n\t\t\t\t\t\t\t\t\t<img width=\"150\" height=\"150\" src=\"https:\/\/waldis-ag.ch\/printing\/wp-content\/uploads\/sites\/7\/2018\/04\/spitex-luzern-referenzen-1-150x150.jpg\" class=\"attachment-thumbnail size-thumbnail\" alt=\"Spitex Luzern\" loading=\"lazy\" \/>\t\t\t\t\t\t\t<\/div>\n\n\t\t\t\t\t<\/div>\n\t\t\t\t<div>\n\t\t\t\n\t\t\t<div class=\"edgtf-ig-image-holder\">\n\t\t\t\t\t\t\t\t\t<img width=\"150\" height=\"150\" src=\"https:\/\/waldis-ag.ch\/printing\/wp-content\/uploads\/sites\/7\/2018\/04\/stadt-luzern-referenzen-1-150x150.jpg\" class=\"attachment-thumbnail size-thumbnail\" alt=\"Stadt Luzern\" loading=\"lazy\" \/>\t\t\t\t\t\t\t<\/div>\n\n\t\t\t\t\t<\/div>\n\t\t\t\t<div>\n\t\t\t\n\t\t\t<div class=\"edgtf-ig-image-holder\">\n\t\t\t\t\t\t\t\t\t<img width=\"150\" height=\"150\" src=\"https:\/\/waldis-ag.ch\/printing\/wp-content\/uploads\/sites\/7\/2018\/04\/tourismus-luzern-referenzen-1-150x150.jpg\" class=\"attachment-thumbnail size-thumbnail\" alt=\"Luzern Tourismus\" loading=\"lazy\" \/>\t\t\t\t\t\t\t<\/div>\n\n\t\t\t\t\t<\/div>\n\t\t\t\t<div>\n\t\t\t\n\t\t\t<div class=\"edgtf-ig-image-holder\">\n\t\t\t\t\t\t\t\t\t<img width=\"150\" height=\"150\" src=\"https:\/\/waldis-ag.ch\/printing\/wp-content\/uploads\/sites\/7\/2018\/04\/sgv-ag-referenzen-1-150x150.jpg\" class=\"attachment-thumbnail size-thumbnail\" alt=\"SGV AG\" loading=\"lazy\" \/>\t\t\t\t\t\t\t<\/div>\n\n\t\t\t\t\t<\/div>\n\t\t\t\t<div>\n\t\t\t\n\t\t\t<div class=\"edgtf-ig-image-holder\">\n\t\t\t\t\t\t\t\t\t<img width=\"150\" height=\"150\" src=\"https:\/\/waldis-ag.ch\/printing\/wp-content\/uploads\/sites\/7\/2018\/04\/gem.-huenenberg-referenzen-1-150x150.jpg\" class=\"attachment-thumbnail size-thumbnail\" alt=\"Gemeinde H\u00fcnenberg\" loading=\"lazy\" \/>\t\t\t\t\t\t\t<\/div>\n\n\t\t\t\t\t<\/div>\n\t\t\t\t<div>\n\t\t\t\n\t\t\t<div class=\"edgtf-ig-image-holder\">\n\t\t\t\t\t\t\t\t\t<img width=\"150\" height=\"150\" src=\"https:\/\/waldis-ag.ch\/printing\/wp-content\/uploads\/sites\/7\/2018\/04\/campus-sursee-referenzen-1-150x150.jpg\" class=\"attachment-thumbnail size-thumbnail\" alt=\"Campus Sursee\" loading=\"lazy\" \/>\t\t\t\t\t\t\t<\/div>\n\n\t\t\t\t\t<\/div>\n\t\t\t\t<div>\n\t\t\t\n\t\t\t<div class=\"edgtf-ig-image-holder\">\n\t\t\t\t\t\t\t\t\t<img width=\"150\" height=\"150\" src=\"https:\/\/waldis-ag.ch\/printing\/wp-content\/uploads\/sites\/7\/2018\/04\/truninger-referenzen-1-150x150.jpg\" class=\"attachment-thumbnail size-thumbnail\" alt=\"Eduard Truninger AG\" loading=\"lazy\" \/>\t\t\t\t\t\t\t<\/div>\n\n\t\t\t\t\t<\/div>\n\t\t\t\t<div>\n\t\t\t\n\t\t\t<div class=\"edgtf-ig-image-holder\">\n\t\t\t\t\t\t\t\t\t<img width=\"150\" height=\"150\" src=\"https:\/\/waldis-ag.ch\/printing\/wp-content\/uploads\/sites\/7\/2018\/04\/7Air-referenzen-1-150x150.jpg\" class=\"attachment-thumbnail size-thumbnail\" alt=\"Seven Air\" loading=\"lazy\" \/>\t\t\t\t\t\t\t<\/div>\n\n\t\t\t\t\t<\/div>\n\t\t\t\t<div>\n\t\t\t\n\t\t\t<div class=\"edgtf-ig-image-holder\">\n\t\t\t\t\t\t\t\t\t<img width=\"150\" height=\"150\" src=\"https:\/\/waldis-ag.ch\/printing\/wp-content\/uploads\/sites\/7\/2019\/09\/victorinox-referenzen-150x150.jpg\" class=\"attachment-thumbnail size-thumbnail\" alt=\"Victorinox\" loading=\"lazy\" \/>\t\t\t\t\t\t\t<\/div>\n\n\t\t\t\t\t<\/div>\n\t\t\t\t<div>\n\t\t\t\n\t\t\t<div class=\"edgtf-ig-image-holder\">\n\t\t\t\t\t\t\t\t\t<img width=\"150\" height=\"150\" src=\"https:\/\/waldis-ag.ch\/printing\/wp-content\/uploads\/sites\/7\/2020\/09\/WAS-Wirtschaft-Arbeit-Soziales-referenzen-150x150.jpg\" class=\"attachment-thumbnail size-thumbnail\" alt=\"WAS Wirtschaft Arbeit Soziales Referenzen Waldis\" loading=\"lazy\" \/>\t\t\t\t\t\t\t<\/div>\n\n\t\t\t\t\t<\/div>\n\t\t\t<\/div>\n<\/div>[\/vc_column][\/vc_row][\/vc_section][vc_row content_width=&#8221;grid&#8221; content_aligment=&#8221;center&#8221; css=&#8221;.vc_custom_1599140895524{margin-top: 100px !important;margin-bottom: 60px !important;}&#8221; el_id=&#8221;team-title&#8221;][vc_column][vc_column_text]<\/p>\n<h3>Sie m\u00f6chten mehr \u00fcber unsere Dienstleistungen erfahren? Rufen Sie uns an oder schreiben Sie uns. Wir nehmen uns gerne Zeit f\u00fcr ein pers\u00f6nliches Gespr\u00e4ch.<\/h3>\n<p>[\/vc_column_text][vc_empty_space height=&#8221;60px&#8221;][vc_column_text]<\/p>\n<p style=\"text-align: center;\">T 041 349 29 49<br \/>\ninfo@waldis-ag.ch<\/p>\n<p>[\/vc_column_text][vc_empty_space height=&#8221;30px&#8221;]<a itemprop=\"url\" href=\"https:\/\/waldis-ag.ch\/printing\/kontakt\/\" target=\"_self\"  class=\"edgtf-btn edgtf-btn-medium edgtf-btn-outline\"  >\n\t<span class=\"edgtf-btn-text\">ANFRAGE<\/span>\n    <\/a>[vc_empty_space height=&#8221;120px&#8221;][\/vc_column][\/vc_row]<\/p>\n","protected":false},"excerpt":{"rendered":"<p>[vc_row][vc_column][vc_column_text] Waldis Printing Solutions entwickelt gemeinsam mit Ihnen eine individuelle Hard- und Software-L\u00f6sung f\u00fcr Ihr Arbeitsumfeld. Mit den fortschrittlichen Produkten&#8230;<\/p>\n","protected":false},"author":1,"featured_media":14167,"parent":0,"menu_order":0,"comment_status":"closed","ping_status":"closed","template":"","meta":[],"yoast_head":"<!-- This site is optimized with the Yoast SEO plugin v18.4.1 - https:\/\/yoast.com\/wordpress\/plugins\/seo\/ -->\n<title>Ihre Komplett-L\u00f6sung f\u00fcr den modernen Arbeitsplatz - Waldis<\/title>\n<meta name=\"description\" content=\"Waldis Printing Solutions entwickelt gemeinsam mit Ihnen eine individuelle Hard- und Software-L\u00f6sung f\u00fcr Ihr Arbeitsumfeld.\" \/>\n<meta name=\"robots\" content=\"index, follow, max-snippet:-1, max-image-preview:large, max-video-preview:-1\" \/>\n<link rel=\"canonical\" href=\"https:\/\/waldis-ag.ch\/printing\/ihre-komplett-loesung-fuer-den-modernen-arbeitsplatz\/\" \/>\n<meta property=\"og:locale\" content=\"de_DE\" \/>\n<meta property=\"og:type\" content=\"article\" \/>\n<meta property=\"og:title\" content=\"Ihre Komplett-L\u00f6sung f\u00fcr den modernen Arbeitsplatz - Waldis\" \/>\n<meta property=\"og:description\" content=\"Waldis Printing Solutions entwickelt gemeinsam mit Ihnen eine individuelle Hard- und Software-L\u00f6sung f\u00fcr Ihr Arbeitsumfeld.\" \/>\n<meta property=\"og:url\" content=\"https:\/\/waldis-ag.ch\/printing\/ihre-komplett-loesung-fuer-den-modernen-arbeitsplatz\/\" \/>\n<meta property=\"og:site_name\" content=\"Waldis\" \/>\n<meta property=\"article:modified_time\" content=\"2024-07-31T11:27:51+00:00\" \/>\n<meta property=\"og:image\" content=\"https:\/\/waldis-ag.ch\/printing\/wp-content\/uploads\/sites\/7\/2020\/09\/imageRUNNER_lifestyle-scaled.jpg\" \/>\n\t<meta property=\"og:image:width\" content=\"2560\" \/>\n\t<meta property=\"og:image:height\" content=\"1706\" \/>\n\t<meta property=\"og:image:type\" content=\"image\/jpeg\" \/>\n<meta name=\"twitter:card\" content=\"summary_large_image\" \/>\n<meta name=\"twitter:label1\" content=\"Est. reading time\" \/>\n\t<meta name=\"twitter:data1\" content=\"4 Minuten\" \/>\n<script type=\"application\/ld+json\" class=\"yoast-schema-graph\">{\"@context\":\"https:\/\/schema.org\",\"@graph\":[{\"@type\":\"WebSite\",\"@id\":\"https:\/\/waldis-ag.ch\/printing\/#website\",\"url\":\"https:\/\/waldis-ag.ch\/printing\/\",\"name\":\"Waldis\",\"description\":\"\",\"potentialAction\":[{\"@type\":\"SearchAction\",\"target\":{\"@type\":\"EntryPoint\",\"urlTemplate\":\"https:\/\/waldis-ag.ch\/printing\/?s={search_term_string}\"},\"query-input\":\"required name=search_term_string\"}],\"inLanguage\":\"de-CH\"},{\"@type\":\"ImageObject\",\"@id\":\"https:\/\/waldis-ag.ch\/printing\/ihre-komplett-loesung-fuer-den-modernen-arbeitsplatz\/#primaryimage\",\"inLanguage\":\"de-CH\",\"url\":\"https:\/\/waldis-ag.ch\/printing\/wp-content\/uploads\/sites\/7\/2020\/09\/imageRUNNER_lifestyle-scaled.jpg\",\"contentUrl\":\"https:\/\/waldis-ag.ch\/printing\/wp-content\/uploads\/sites\/7\/2020\/09\/imageRUNNER_lifestyle-scaled.jpg\",\"width\":2560,\"height\":1706,\"caption\":\"Canon Hardware-L\u00f6sungen bei Waldis\"},{\"@type\":\"WebPage\",\"@id\":\"https:\/\/waldis-ag.ch\/printing\/ihre-komplett-loesung-fuer-den-modernen-arbeitsplatz\/#webpage\",\"url\":\"https:\/\/waldis-ag.ch\/printing\/ihre-komplett-loesung-fuer-den-modernen-arbeitsplatz\/\",\"name\":\"Ihre Komplett-L\u00f6sung f\u00fcr den modernen Arbeitsplatz - Waldis\",\"isPartOf\":{\"@id\":\"https:\/\/waldis-ag.ch\/printing\/#website\"},\"primaryImageOfPage\":{\"@id\":\"https:\/\/waldis-ag.ch\/printing\/ihre-komplett-loesung-fuer-den-modernen-arbeitsplatz\/#primaryimage\"},\"datePublished\":\"2020-09-03T14:26:27+00:00\",\"dateModified\":\"2024-07-31T11:27:51+00:00\",\"description\":\"Waldis Printing Solutions entwickelt gemeinsam mit Ihnen eine individuelle Hard- und Software-L\u00f6sung f\u00fcr Ihr Arbeitsumfeld.\",\"breadcrumb\":{\"@id\":\"https:\/\/waldis-ag.ch\/printing\/ihre-komplett-loesung-fuer-den-modernen-arbeitsplatz\/#breadcrumb\"},\"inLanguage\":\"de-CH\",\"potentialAction\":[{\"@type\":\"ReadAction\",\"target\":[\"https:\/\/waldis-ag.ch\/printing\/ihre-komplett-loesung-fuer-den-modernen-arbeitsplatz\/\"]}]},{\"@type\":\"BreadcrumbList\",\"@id\":\"https:\/\/waldis-ag.ch\/printing\/ihre-komplett-loesung-fuer-den-modernen-arbeitsplatz\/#breadcrumb\",\"itemListElement\":[{\"@type\":\"ListItem\",\"position\":1,\"name\":\"Ihre Komplett-L\u00f6sung f\u00fcr den modernen Arbeitsplatz\"}]}]}<\/script>\n<!-- \/ Yoast SEO plugin. -->","yoast_head_json":{"title":"Ihre Komplett-L\u00f6sung f\u00fcr den modernen Arbeitsplatz - Waldis","description":"Waldis Printing Solutions entwickelt gemeinsam mit Ihnen eine individuelle Hard- und Software-L\u00f6sung f\u00fcr Ihr Arbeitsumfeld.","robots":{"index":"index","follow":"follow","max-snippet":"max-snippet:-1","max-image-preview":"max-image-preview:large","max-video-preview":"max-video-preview:-1"},"canonical":"https:\/\/waldis-ag.ch\/printing\/ihre-komplett-loesung-fuer-den-modernen-arbeitsplatz\/","og_locale":"de_DE","og_type":"article","og_title":"Ihre Komplett-L\u00f6sung f\u00fcr den modernen Arbeitsplatz - Waldis","og_description":"Waldis Printing Solutions entwickelt gemeinsam mit Ihnen eine individuelle Hard- und Software-L\u00f6sung f\u00fcr Ihr Arbeitsumfeld.","og_url":"https:\/\/waldis-ag.ch\/printing\/ihre-komplett-loesung-fuer-den-modernen-arbeitsplatz\/","og_site_name":"Waldis","article_modified_time":"2024-07-31T11:27:51+00:00","og_image":[{"width":2560,"height":1706,"url":"https:\/\/waldis-ag.ch\/printing\/wp-content\/uploads\/sites\/7\/2020\/09\/imageRUNNER_lifestyle-scaled.jpg","type":"image\/jpeg"}],"twitter_card":"summary_large_image","twitter_misc":{"Est. reading time":"4 Minuten"},"schema":{"@context":"https:\/\/schema.org","@graph":[{"@type":"WebSite","@id":"https:\/\/waldis-ag.ch\/printing\/#website","url":"https:\/\/waldis-ag.ch\/printing\/","name":"Waldis","description":"","potentialAction":[{"@type":"SearchAction","target":{"@type":"EntryPoint","urlTemplate":"https:\/\/waldis-ag.ch\/printing\/?s={search_term_string}"},"query-input":"required name=search_term_string"}],"inLanguage":"de-CH"},{"@type":"ImageObject","@id":"https:\/\/waldis-ag.ch\/printing\/ihre-komplett-loesung-fuer-den-modernen-arbeitsplatz\/#primaryimage","inLanguage":"de-CH","url":"https:\/\/waldis-ag.ch\/printing\/wp-content\/uploads\/sites\/7\/2020\/09\/imageRUNNER_lifestyle-scaled.jpg","contentUrl":"https:\/\/waldis-ag.ch\/printing\/wp-content\/uploads\/sites\/7\/2020\/09\/imageRUNNER_lifestyle-scaled.jpg","width":2560,"height":1706,"caption":"Canon Hardware-L\u00f6sungen bei Waldis"},{"@type":"WebPage","@id":"https:\/\/waldis-ag.ch\/printing\/ihre-komplett-loesung-fuer-den-modernen-arbeitsplatz\/#webpage","url":"https:\/\/waldis-ag.ch\/printing\/ihre-komplett-loesung-fuer-den-modernen-arbeitsplatz\/","name":"Ihre Komplett-L\u00f6sung f\u00fcr den modernen Arbeitsplatz - Waldis","isPartOf":{"@id":"https:\/\/waldis-ag.ch\/printing\/#website"},"primaryImageOfPage":{"@id":"https:\/\/waldis-ag.ch\/printing\/ihre-komplett-loesung-fuer-den-modernen-arbeitsplatz\/#primaryimage"},"datePublished":"2020-09-03T14:26:27+00:00","dateModified":"2024-07-31T11:27:51+00:00","description":"Waldis Printing Solutions entwickelt gemeinsam mit Ihnen eine individuelle Hard- und Software-L\u00f6sung f\u00fcr Ihr Arbeitsumfeld.","breadcrumb":{"@id":"https:\/\/waldis-ag.ch\/printing\/ihre-komplett-loesung-fuer-den-modernen-arbeitsplatz\/#breadcrumb"},"inLanguage":"de-CH","potentialAction":[{"@type":"ReadAction","target":["https:\/\/waldis-ag.ch\/printing\/ihre-komplett-loesung-fuer-den-modernen-arbeitsplatz\/"]}]},{"@type":"BreadcrumbList","@id":"https:\/\/waldis-ag.ch\/printing\/ihre-komplett-loesung-fuer-den-modernen-arbeitsplatz\/#breadcrumb","itemListElement":[{"@type":"ListItem","position":1,"name":"Ihre Komplett-L\u00f6sung f\u00fcr den modernen Arbeitsplatz"}]}]}},"publishpress_future_action":{"enabled":false,"date":"1970-01-01 01:00:00","action":"","terms":[],"taxonomy":"","browser_timezone_offset":0},"_links":{"self":[{"href":"https:\/\/waldis-ag.ch\/printing\/wp-json\/wp\/v2\/pages\/14068"}],"collection":[{"href":"https:\/\/waldis-ag.ch\/printing\/wp-json\/wp\/v2\/pages"}],"about":[{"href":"https:\/\/waldis-ag.ch\/printing\/wp-json\/wp\/v2\/types\/page"}],"author":[{"embeddable":true,"href":"https:\/\/waldis-ag.ch\/printing\/wp-json\/wp\/v2\/users\/1"}],"replies":[{"embeddable":true,"href":"https:\/\/waldis-ag.ch\/printing\/wp-json\/wp\/v2\/comments?post=14068"}],"version-history":[{"count":115,"href":"https:\/\/waldis-ag.ch\/printing\/wp-json\/wp\/v2\/pages\/14068\/revisions"}],"predecessor-version":[{"id":15684,"href":"https:\/\/waldis-ag.ch\/printing\/wp-json\/wp\/v2\/pages\/14068\/revisions\/15684"}],"wp:featuredmedia":[{"embeddable":true,"href":"https:\/\/waldis-ag.ch\/printing\/wp-json\/wp\/v2\/media\/14167"}],"wp:attachment":[{"href":"https:\/\/waldis-ag.ch\/printing\/wp-json\/wp\/v2\/media?parent=14068"}],"curies":[{"name":"wp","href":"https:\/\/api.w.org\/{rel}","templated":true}]}}